{"id":2591,"date":"2017-03-28T16:45:37","date_gmt":"2017-03-28T15:45:37","guid":{"rendered":"https:\/\/firagran.com\/salon-de-las-personas-mayores-de-cataluna\/programa-dactivitats\/"},"modified":"2026-03-02T17:41:34","modified_gmt":"2026-03-02T16:41:34","slug":"programa-de-actividades-firagran","status":"publish","type":"page","link":"https:\/\/firagran.com\/es\/salon-de-las-personas-mayores-de-cataluna\/programa-de-actividades-firagran\/","title":{"rendered":"Programa de actividades"},"content":{"rendered":"<p><div class=\"fusion-fullwidth fullwidth-box fusion-builder-row-1 nonhundred-percent-fullwidth non-hundred-percent-height-scrolling\" style=\"--awb-border-radius-top-left:0px;--awb-border-radius-top-right:0px;--awb-border-radius-bottom-right:0px;--awb-border-radius-bottom-left:0px;--awb-flex-wrap:wrap;\" ><div class=\"fusion-builder-row fusion-row\"><div class=\"fusion-layout-column fusion_builder_column fusion-builder-column-0 fusion_builder_column_1_1 1_1 fusion-one-full fusion-column-first fusion-column-last\" style=\"--awb-bg-size:cover;\"><div class=\"fusion-column-wrapper fusion-flex-column-wrapper-legacy\"><div class=\"fusion-text fusion-text-1\"><h1>Actividades en los escenarios de FiraGran<\/h1>\n<\/div><div class=\"fusion-sep-clear\"><\/div><div class=\"fusion-separator fusion-full-width-sep fusion-clearfix\" style=\"float:left;margin-top:15px;margin-bottom:15px;width:100%;\"><div class=\"fusion-separator-border sep-single sep-solid\" style=\"--awb-height:20px;--awb-amount:20px;--awb-sep-color:#6bc0b4;border-color:#6bc0b4;border-top-width:2px;\"><\/div><\/div><div class=\"fusion-sep-clear\"><\/div><div class=\"fusion-alert alert custom alert-custom fusion-alert-center fusion-alert-capitalize awb-alert-native-link-color alert-shadow\" style=\"--awb-background-color:#bbd6fa;--awb-accent-color:#0d0059;--awb-border-top-left-radius:10px;--awb-border-top-right-radius:10px;--awb-border-bottom-left-radius:10px;--awb-border-bottom-right-radius:10px;\" role=\"alert\"><div class=\"fusion-alert-content-wrapper\"><span class=\"alert-icon\"><i class=\"fa-info-circle fas\" aria-hidden=\"true\"><\/i><\/span><span class=\"fusion-alert-content\"><p><strong>Estamos preparando la programaci\u00f3n para la pr\u00f3xima edici\u00f3n 2026.<\/strong><br \/>\nEn breve os compartiremos toda la informaci\u00f3n sobre fechas y horarios. \u00a1Estad atentos para no perderse ning\u00fan detalle de la 27\u00aa edici\u00f3n del Sal\u00f3n de las Personas Mayores de Catalu\u00f1a!<\/p><\/span><\/div><\/div><div class=\"fusion-clearfix\"><\/div><\/div><\/div><\/div><\/div><div class=\"fusion-fullwidth fullwidth-box fusion-builder-row-2 nonhundred-percent-fullwidth non-hundred-percent-height-scrolling\" style=\"--awb-border-radius-top-left:0px;--awb-border-radius-top-right:0px;--awb-border-radius-bottom-right:0px;--awb-border-radius-bottom-left:0px;--awb-margin-bottom:0px;--awb-flex-wrap:wrap;\" ><div class=\"fusion-builder-row fusion-row\"><div class=\"fusion-layout-column fusion_builder_column fusion-builder-column-1 fusion_builder_column_1_1 1_1 fusion-one-full fusion-column-first fusion-column-last\" style=\"--awb-bg-size:cover;\"><div class=\"fusion-column-wrapper fusion-flex-column-wrapper-legacy\"><div class=\"fusion-modal modal fade modal-1 escenari1\" tabindex=\"-1\" role=\"dialog\" aria-labelledby=\"modal-heading-1\" aria-hidden=\"true\" style=\"--awb-border-color:#ebebeb;--awb-background:#ffffff;\"><div class=\"modal-dialog modal-lg\" role=\"document\"><div class=\"modal-content fusion-modal-content\"><div class=\"modal-header\"><button class=\"close\" type=\"button\" data-dismiss=\"modal\" aria-hidden=\"true\" aria-label=\"Close\">&times;<\/button><h3 class=\"modal-title\" id=\"modal-heading-1\" data-dismiss=\"modal\" aria-hidden=\"true\">Actividades en el Escenario 1 de FiraGran 2024<\/h3><\/div><div class=\"modal-body fusion-clearfix\">\n<div class=\"table-2 escenari1\">\n<table width=\"100%\">\n<thead>\n<tr>\n<th colspan=\"2\" align=\"left\">MI\u00c9RCOLES 29 DE MAYO<\/th>\n<\/tr>\n<\/thead>\n<tbody>\n<tr>\n<td class=\"fecha\" align=\"left\" width=\"20%\">11.15 a 11.45 h<\/td>\n<td align=\"left\" width=\"80%\"><strong>Zumba <\/strong><br \/>\nAssociaci\u00f3 de Jubilats i Pensionistes del Casal Ermita<\/td>\n<\/tr>\n<tr>\n<td class=\"fecha\" align=\"left\" width=\"20%\">11.45 a 12.00 h<\/td>\n<td align=\"left\" width=\"80%\"><strong>Moviment<\/strong><br \/>\nAssociaci\u00f3 de Jubilats de Canet 2020<\/td>\n<\/tr>\n<tr>\n<td class=\"fecha\" align=\"left\" width=\"20%\">12.00 a 12.30 h<\/td>\n<td align=\"left\" width=\"80%\"><strong>Sevillanes <\/strong><br \/>\nAssociaci\u00f3 de la Gent Gran de Rub\u00ed<\/td>\n<\/tr>\n<tr>\n<td class=\"fecha\" align=\"left\" width=\"20%\">12.30 a 13.00 h<\/td>\n<td align=\"left\" width=\"80%\"><strong>Rondalla <\/strong><br \/>\nAssociaci\u00f3 de la Gent Gran de Rub\u00ed<\/td>\n<\/tr>\n<tr>\n<td class=\"fecha\" align=\"left\" width=\"20%\">16.15 a 16.30 h<\/td>\n<td align=\"left\" width=\"80%\"><strong>Ball en L\u00ednia <\/strong><br \/>\nAsociaci\u00f3n de Jubilados y Pensionistas de Sant Feliu de Hospitalet<\/td>\n<\/tr>\n<tr>\n<td class=\"fecha\" align=\"left\" width=\"20%\">16.30 a 17.00 h<\/td>\n<td align=\"left\" width=\"80%\"><strong>Balls en L\u00ednia d&#8217;Animaci\u00f3 Senior <\/strong><br \/>\nLinedance Senior Sant Andreu<\/td>\n<\/tr>\n<tr>\n<td class=\"fecha\" align=\"left\" width=\"20%\">17.00 a 17.45 h<\/td>\n<td align=\"left\" width=\"80%\"><strong>Country Cl\u00e0ssics &#8211; Balls en l\u00ednia d&#8217;estil Country <\/strong><br \/>\nAssociaci\u00f3 de Ve\u00efns i Ve\u00efnes de Sant Andreu Nord &#8211; Tramuntana<\/td>\n<\/tr>\n<tr>\n<td class=\"fecha\" align=\"left\" width=\"20%\">17.45 a 18.15 h<\/td>\n<td align=\"left\" width=\"80%\"><strong>Ball en L\u00ednia <\/strong><br \/>\nCasal de Gent Gran Sant Josep<\/td>\n<\/tr>\n<tr>\n<td class=\"fecha\" align=\"left\" width=\"20%\">18.15 a 19.05 h<\/td>\n<td align=\"left\" width=\"80%\"><strong>Balls de Sal\u00f3 <\/strong><br \/>\nCasal de Gent Gran Sant Josep<\/td>\n<\/tr>\n<\/tbody>\n<\/table>\n<\/div>\n<hr style=\"margin: 30px 0px;\" \/>\n<div class=\"table-2 escenari1\">\n<table width=\"100%\">\n<thead>\n<tr>\n<th colspan=\"2\" align=\"left\">JUEVES 30 DE MAYO<\/th>\n<\/tr>\n<\/thead>\n<tbody>\n<tr>\n<td class=\"fecha\" align=\"left\" width=\"20%\">10.00 a 10.45 h<\/td>\n<td align=\"left\" width=\"80%\"><strong>Playback <\/strong><br \/>\nCasal Jaume Nualart<\/td>\n<\/tr>\n<tr>\n<td class=\"fecha\" align=\"left\" width=\"20%\">10.45 a 11.30 h<\/td>\n<td align=\"left\" width=\"80%\"><strong>Zumba <\/strong><br \/>\nCasal de Gent Gran Sant Josep<\/td>\n<\/tr>\n<tr>\n<td class=\"fecha\" align=\"left\" width=\"20%\">11.30 a 12.15 h<\/td>\n<td align=\"left\" width=\"80%\"><strong>Bailar Nos Da Alas <\/strong><br \/>\nAssociaci\u00f3 de Gent Gran del Casal de Sant Andreu<\/td>\n<\/tr>\n<tr>\n<td class=\"fecha\" align=\"left\" width=\"20%\">12.15 a 13.00 h<\/td>\n<td align=\"left\" width=\"80%\"><strong>Ball en L\u00ednia <\/strong><br \/>\nCasal de Gent Gran Guineueta<\/td>\n<\/tr>\n<tr>\n<td class=\"fecha\" align=\"left\" width=\"20%\">16.15 a 16.45 h<\/td>\n<td align=\"left\" width=\"80%\"><strong>Tr\u00edo Los 60 y Pico <\/strong><br \/>\nEsplai de Jubilats d&#8217;Arenys de Munt<\/td>\n<\/tr>\n<tr>\n<td class=\"fecha\" align=\"left\" width=\"20%\">16.45 a 17.30 h<\/td>\n<td align=\"left\" width=\"80%\"><strong>Balls de Sal\u00f3 <\/strong><br \/>\nCasal de Gent Gran de Ca n&#8217;Ar\u00fas<\/td>\n<\/tr>\n<tr>\n<td class=\"fecha\" align=\"left\" width=\"20%\">17.30 a 18.15 h<\/td>\n<td align=\"left\" width=\"80%\"><strong>Sevillanes <\/strong><br \/>\nCasal de Gent Gran Sant Josep<\/td>\n<\/tr>\n<tr>\n<td class=\"fecha\" align=\"left\" width=\"20%\">18.15 a 19.00 h<\/td>\n<td align=\"left\" width=\"80%\"><strong>Playback <\/strong><br \/>\nCasal de Gent Gran Sant Josep<\/td>\n<\/tr>\n<\/tbody>\n<\/table>\n<\/div>\n<hr style=\"margin: 30px 0px;\" \/>\n<div class=\"table-2 escenari1\">\n<table width=\"100%\">\n<thead>\n<tr>\n<th colspan=\"2\" align=\"left\">VIERNES 31 DE MAYO<\/th>\n<\/tr>\n<\/thead>\n<tbody>\n<tr>\n<td class=\"fecha\" align=\"left\" width=\"20%\">11.00 a 11.15 h<\/td>\n<td align=\"left\" width=\"80%\"><strong>Ball en L\u00ednia <\/strong><br \/>\nCasal de Gent Gran Pau Casals<\/td>\n<\/tr>\n<tr>\n<td class=\"fecha\" align=\"left\" width=\"20%\">11.15 a 11.45 h<\/td>\n<td align=\"left\" width=\"80%\"><strong>Ball de Sal\u00f3 i Ball en L\u00ednia <\/strong><br \/>\nCasal de Gent Gran Navas<\/td>\n<\/tr>\n<tr>\n<td class=\"fecha\" align=\"left\" width=\"20%\">11.45 a 12.30 h<\/td>\n<td align=\"left\" width=\"80%\"><strong>Concert de Guitarra <\/strong><br \/>\nCasal de Gent Gran Parc del Clot<\/td>\n<\/tr>\n<tr>\n<td class=\"fecha\" align=\"left\" width=\"20%\">15.45 a 16.30 h<\/td>\n<td align=\"left\" width=\"80%\"><strong>Ball en L\u00ednia <\/strong><br \/>\nAssociaci\u00f3 de Jubilats i Pensionistes Proven\u00e7ana<\/td>\n<\/tr>\n<tr>\n<td class=\"fecha\" align=\"left\" width=\"20%\">16.30 a 17.15 h<\/td>\n<td align=\"left\" width=\"80%\"><strong>Playback <\/strong><br \/>\nAssociaci\u00f3 de Jubilats i Pensionistes Proven\u00e7ana<\/td>\n<\/tr>\n<tr>\n<td class=\"fecha\" align=\"left\" width=\"20%\">17.15 a 17.45 h<\/td>\n<td align=\"left\" width=\"80%\"><strong>Sevillanes <\/strong><br \/>\nCasal de Gent Gran Can Serra<\/td>\n<\/tr>\n<tr>\n<td class=\"fecha\" align=\"left\" width=\"20%\">17.45 a 18.15 h<\/td>\n<td align=\"left\" width=\"80%\"><strong>Sevillanes <\/strong><br \/>\nCasal de Gent Gran de Ca n&#8217;Ar\u00fas<\/td>\n<\/tr>\n<\/tbody>\n<\/table>\n<\/div>\n<\/div><\/div><\/div><\/div><div class=\"fusion-modal modal fade modal-2 escenari2\" tabindex=\"-1\" role=\"dialog\" aria-labelledby=\"modal-heading-2\" aria-hidden=\"true\" style=\"--awb-border-color:#ebebeb;--awb-background:#ffffff;\"><div class=\"modal-dialog modal-lg\" role=\"document\"><div class=\"modal-content fusion-modal-content\"><div class=\"modal-header\"><button class=\"close\" type=\"button\" data-dismiss=\"modal\" aria-hidden=\"true\" aria-label=\"Close\">&times;<\/button><h3 class=\"modal-title\" id=\"modal-heading-2\" data-dismiss=\"modal\" aria-hidden=\"true\">Actividades en el Escenario 2 de FiraGran 2024<\/h3><\/div><div class=\"modal-body fusion-clearfix\">\n<div class=\"table-2 escenari2\">\n<table width=\"100%\">\n<thead>\n<tr>\n<th colspan=\"2\" align=\"left\">MI\u00c9RCOLES 29 DE MAYO<\/th>\n<\/tr>\n<\/thead>\n<tbody>\n<tr>\n<td class=\"fecha\" align=\"left\" width=\"20%\">10.00 a 11.00 h<\/td>\n<td align=\"left\" width=\"80%\"><strong>BALL DE M\u00daSICA I MOVIMENT<\/strong><\/td>\n<\/tr>\n<tr>\n<td class=\"fecha\" align=\"left\" width=\"20%\">11.30 a 14.00 h<\/td>\n<td align=\"left\" width=\"80%\"><strong>CONCURS DE BALL EN L\u00cdNIA<\/strong><\/p>\n<ul>\n<li>11.30 a 12.00 h &#8211; <strong>Associaci\u00f3 de Gent Gran del Casal de Manlleu<\/strong><\/li>\n<li>12.00 a 12.30 h &#8211; <strong>Associaci\u00f3 de Gent Gran del Casal de Manlleu<\/strong><\/li>\n<li>12.30 a 13.00 h &#8211; <strong>Asociaci\u00f3n de Jubilados y Pensionistas el Gornal de L&#8217;Hospitalet de Llobregat<\/strong><\/li>\n<li>13.00 a 13.30 h &#8211; <strong>Casal de Gent Gran Josep Tarradellas<\/strong><\/li>\n<li>13.30 a 14.00 h &#8211; <strong>Associaci\u00f3 de Jubilats i Pens<\/strong><\/li>\n<\/ul>\n<\/td>\n<\/tr>\n<tr>\n<td class=\"fecha\" align=\"left\" width=\"20%\">16.00 a 16.30 h<\/td>\n<td align=\"left\" width=\"80%\"><strong>Actuaci\u00f3 Grup de Playback \u201cLes flors del Tur\u00f3\u201d <\/strong><br \/>\nCasal de Gent Gran Tur\u00f3 de la Peira<\/td>\n<\/tr>\n<tr>\n<td class=\"fecha\" align=\"left\" width=\"20%\">16.30 a 17.15 h<\/td>\n<td align=\"left\" width=\"80%\"><strong>Line Dance <\/strong><br \/>\nCasal de Gent Gran Can Serra<\/td>\n<\/tr>\n<tr>\n<td class=\"fecha\" align=\"left\" width=\"20%\">17.15 a 18.00 h<\/td>\n<td align=\"left\" width=\"80%\"><strong>CONCURS DE BALL EN L\u00cdNIA<\/strong><\/p>\n<ul>\n<li>17.15 a 17.30 h &#8211; <strong>Associaci\u00f3 de Jubilats i Pensionistes del Casal Ermita<\/strong><\/li>\n<li>17.30 a 17.45 h &#8211; <strong>T\u00e8xtil Rase de Cardedeu<\/strong><\/li>\n<li>17.45 a 18.00 h &#8211; <strong>Casal de la Gent Gran de Cardedeu<\/strong><\/li>\n<\/ul>\n<\/td>\n<\/tr>\n<tr>\n<td class=\"fecha\" align=\"left\" width=\"20%\">18.15 a 19.00 h<\/td>\n<td align=\"left\" width=\"80%\"><strong>Tr\u00e8vol Veus <\/strong><br \/>\nAssociaci\u00f3 de Gent Gran del Casal de Sant Andreu<\/td>\n<\/tr>\n<\/tbody>\n<\/table>\n<\/div>\n<hr style=\"margin: 30px 0px;\" \/>\n<div class=\"table-2 escenari1\">\n<table width=\"100%\">\n<thead>\n<tr>\n<th colspan=\"2\" align=\"left\">JUEVES 30 DE MAYO<\/th>\n<\/tr>\n<\/thead>\n<tbody>\n<tr>\n<td class=\"fecha\" align=\"left\" width=\"20%\">10.00 a 10.30 h<\/td>\n<td align=\"left\" width=\"80%\"><strong>Balls Llatins <\/strong><br \/>\nCasal de Gent Gran La Palmera<\/td>\n<\/tr>\n<tr>\n<td class=\"fecha\" align=\"left\" width=\"20%\">10.30 a 11.30 h<\/td>\n<td align=\"left\" width=\"80%\"><strong>Espectacle de Playback <\/strong><br \/>\nCasal de Gent Gran de Can Peguera<\/td>\n<\/tr>\n<tr>\n<td class=\"fecha\" align=\"left\" width=\"20%\">11.30 a 12.15 h<\/td>\n<td align=\"left\" width=\"80%\"><strong>Ball en L\u00ednia <\/strong><br \/>\nCasal Gornal<\/td>\n<\/tr>\n<tr>\n<td class=\"fecha\" align=\"left\" width=\"20%\">12.15 a 13.00 h<\/td>\n<td align=\"left\" width=\"80%\"><strong>Havaneres <\/strong><br \/>\nAssociaci\u00f3 de Gent Gran de Calella<\/td>\n<\/tr>\n<tr>\n<td class=\"fecha\" align=\"left\" width=\"20%\">13.00 a 13.45 h<\/td>\n<td align=\"left\" width=\"80%\"><strong>Sevillanes <\/strong><br \/>\nAssociaci\u00f3 de Gent Gran de Calella<\/td>\n<\/tr>\n<tr>\n<td class=\"fecha\" align=\"left\" width=\"20%\">16.30 a 17.15 h<\/td>\n<td align=\"left\" width=\"80%\"><strong>Country <\/strong><br \/>\nCasal de Gent Gran Can Serra<\/td>\n<\/tr>\n<tr>\n<td class=\"fecha\" align=\"left\" width=\"20%\">17.15 a 17.45 h<\/td>\n<td align=\"left\" width=\"80%\"><strong>Country <\/strong><br \/>\nCasal Municipal de Gent Gran de Poble-Sec<\/td>\n<\/tr>\n<tr>\n<td class=\"fecha\" align=\"left\" width=\"20%\">17.45 a 18.30 h<\/td>\n<td align=\"left\" width=\"80%\"><strong>Ball en L\u00ednia <\/strong><br \/>\nCasal de Gent Gran Sant Josep<\/td>\n<\/tr>\n<tr>\n<td class=\"fecha\" align=\"left\" width=\"20%\">18.30 a 19.00 h<\/td>\n<td align=\"left\" width=\"80%\"><strong>Coro Rociero<br \/>\n<\/strong>Casal de Gent Gran de La Torrassa<\/td>\n<\/tr>\n<\/tbody>\n<\/table>\n<\/div>\n<hr style=\"margin: 30px 0px;\" \/>\n<div class=\"table-2 escenari1\">\n<table width=\"100%\">\n<thead>\n<tr>\n<th colspan=\"2\" align=\"left\">VIERNES 31 DE MAYO<\/th>\n<\/tr>\n<\/thead>\n<tbody>\n<tr>\n<td class=\"fecha\" align=\"left\" width=\"20%\">10.00 a 10.30 h<\/td>\n<td align=\"left\" width=\"80%\"><strong>CAMINADA <\/strong><\/td>\n<\/tr>\n<tr>\n<td class=\"fecha\" align=\"left\" width=\"20%\">11.00 a 11.45 h<\/td>\n<td align=\"left\" width=\"80%\"><strong>Zumba <\/strong><br \/>\nCasal de Gent Gran Can Serra<\/td>\n<\/tr>\n<tr>\n<td class=\"fecha\" align=\"left\" width=\"20%\">15.45 a 16.15 h<\/td>\n<td align=\"left\" width=\"80%\"><strong>Ball en L\u00ednia <\/strong><br \/>\nCasal de Gent Gran Can Serra<\/td>\n<\/tr>\n<tr>\n<td class=\"fecha\" align=\"left\" width=\"20%\">16.15 a 16.45 h<\/td>\n<td align=\"left\" width=\"80%\"><strong>Ball en L\u00ednia <\/strong><br \/>\nCasal de Gent Gran Can Serra<\/td>\n<\/tr>\n<tr>\n<td class=\"fecha\" align=\"left\" width=\"20%\">16.45 a 17.30 h<\/td>\n<td align=\"left\" width=\"80%\"><strong>Sevillanes i Castanyoles <\/strong><br \/>\nAssociaci\u00f3 de Jubilats i Pensionistes Proven\u00e7ana<\/td>\n<\/tr>\n<tr>\n<td class=\"fecha\" align=\"left\" width=\"20%\">17.30 a 18.00 h<\/td>\n<td align=\"left\" width=\"80%\"><strong>Sardanes <\/strong><br \/>\nAssociaci\u00f3 de Jubilats i Pensionistes Proven\u00e7ana<\/td>\n<\/tr>\n<tr>\n<td class=\"fecha\" align=\"left\" width=\"20%\">18.00 h<\/td>\n<td align=\"left\" width=\"80%\"><strong>FESTA DE CLOENDA <\/strong><\/td>\n<\/tr>\n<\/tbody>\n<\/table>\n<\/div>\n<\/div><\/div><\/div><\/div><div class=\"fusion-modal modal fade modal-3 exposiciones\" tabindex=\"-1\" role=\"dialog\" aria-labelledby=\"modal-heading-3\" aria-hidden=\"true\" style=\"--awb-border-color:#ebebeb;--awb-background:#ffffff;\"><div class=\"modal-dialog modal-lg\" role=\"document\"><div class=\"modal-content fusion-modal-content\"><div class=\"modal-header\"><button class=\"close\" type=\"button\" data-dismiss=\"modal\" aria-hidden=\"true\" aria-label=\"Close\">&times;<\/button><h3 class=\"modal-title\" id=\"modal-heading-3\" data-dismiss=\"modal\" aria-hidden=\"true\">Activitats la Zona de Exhibiciones de FiraGran 2024<\/h3><\/div><div class=\"modal-body fusion-clearfix\">\n<div class=\"table-2 exposiciones\">\n<table width=\"100%\">\n<thead>\n<tr>\n<th colspan=\"2\" align=\"left\">MI\u00c9RCOLES 29 DE MAYO<\/th>\n<\/tr>\n<\/thead>\n<tbody>\n<tr>\n<td class=\"fecha\" align=\"left\" width=\"20%\">10.00 a 10.30 h<\/td>\n<td align=\"left\" width=\"80%\"><strong>Tai Ch\u00ed <\/strong><br \/>\nAssociaci\u00f3 de Jubilats i Pensionistes del Casal Ermita<\/td>\n<\/tr>\n<tr>\n<td class=\"fecha\" align=\"left\" width=\"20%\">10.30 a 11.00 h<\/td>\n<td align=\"left\" width=\"80%\"><strong>Tai Ch\u00ed <\/strong><br \/>\nCasal Gornal<\/td>\n<\/tr>\n<tr>\n<td class=\"fecha\" align=\"left\" width=\"20%\">11.00 a 11.45 h<\/td>\n<td align=\"left\" width=\"80%\"><strong>Gimn\u00e0stica Dansa <\/strong><br \/>\nAssociaci\u00f3 de Gent Gran del Casal de Sant Andreu<\/td>\n<\/tr>\n<tr>\n<td class=\"fecha\" align=\"left\" width=\"20%\">11.45 a 12.30 h<\/td>\n<td align=\"left\" width=\"80%\"><strong>Castanyoles <\/strong><br \/>\nAssociaci\u00f3 de Gent Gran del Casal de Sant Andreu<\/td>\n<\/tr>\n<tr>\n<td class=\"fecha\" align=\"left\" width=\"20%\">12.30 a 13.30 h<\/td>\n<td align=\"left\" width=\"80%\"><strong>Sevillanes, Castanyoles, Coro Rociero <\/strong><br \/>\nCasal de Gent Gran de Santa Eul\u00e0lia<\/td>\n<\/tr>\n<tr>\n<td class=\"fecha\" align=\"left\" width=\"20%\">16.00 a 16.45 h<\/td>\n<td align=\"left\" width=\"80%\"><strong>Gimn\u00e0stica Manteniment <\/strong><br \/>\nCasal de Gent Gran de Ca n&#8217;Ar\u00fas<\/td>\n<\/tr>\n<tr>\n<td class=\"fecha\" align=\"left\" width=\"20%\">16.45 a 17.30 h<\/td>\n<td align=\"left\" width=\"80%\"><strong>Grup d&#8217;Animaci\u00f3 \u201cAlegrement\u201d <\/strong><br \/>\nAssociaci\u00f3 de Gent Gran del Casal de Sant Andreu<\/td>\n<\/tr>\n<tr>\n<td class=\"fecha\" align=\"left\" width=\"20%\">17.30 a 18.15 h<\/td>\n<td align=\"left\" width=\"80%\"><strong>Ball en L\u00ednia <\/strong><br \/>\nAsociaci\u00f3n Jubilados y Pensionistas Prado-Bellvitge<\/td>\n<\/tr>\n<tr>\n<td class=\"fecha\" align=\"left\" width=\"20%\">18.15 a 19.00 h<\/td>\n<td align=\"left\" width=\"80%\"><strong>Sevillanes <\/strong><br \/>\nCasal de Gent Gran de La Torrassa<\/td>\n<\/tr>\n<\/tbody>\n<\/table>\n<\/div>\n<hr style=\"margin: 30px 0px;\" \/>\n<div class=\"table-2 exposiciones\">\n<table width=\"100%\">\n<thead>\n<tr>\n<th colspan=\"2\" align=\"left\">JUEVES 30 DE MAYO<\/th>\n<\/tr>\n<\/thead>\n<tbody>\n<tr>\n<td class=\"fecha\" align=\"left\" width=\"20%\">10.15 a 11.00 h<\/td>\n<td align=\"left\" width=\"80%\"><strong>Classe de Ball i Zumba oberta a tot el p\u00fablic <\/strong><br \/>\nCasals Penitents, Horta, Horta 2 i Centre C\u00edvic El Coll-La Bruguera<\/td>\n<\/tr>\n<tr>\n<td class=\"fecha\" align=\"left\" width=\"20%\">11.00 a 12.00 h<\/td>\n<td align=\"left\" width=\"80%\"><strong>Moviment Expressiu <\/strong><br \/>\nConex<\/td>\n<\/tr>\n<tr>\n<td class=\"fecha\" align=\"left\" width=\"20%\">12.00 a 13.00 h<\/td>\n<td align=\"left\" width=\"80%\"><strong>Demo taula de Tai-Txi <\/strong><br \/>\nAssociaci\u00f3 de Tai-Txi Taoista de Catalunya<\/td>\n<\/tr>\n<tr>\n<td class=\"fecha\" align=\"left\" width=\"20%\">13.00 a 13.30 h<\/td>\n<td align=\"left\" width=\"80%\"><strong>Gimn\u00e0stica <\/strong><br \/>\nCasal de Gent Gran Sant Josep<\/td>\n<\/tr>\n<tr>\n<td class=\"fecha\" align=\"left\" width=\"20%\">13.30 a 14.00 h<\/td>\n<td align=\"left\" width=\"80%\"><strong>Gimn\u00e0stica <\/strong><br \/>\nCasal de Gent Gran Sant Josep<\/td>\n<\/tr>\n<tr>\n<td class=\"fecha\" align=\"left\" width=\"20%\">16.30 a 17.15 h<\/td>\n<td align=\"left\" width=\"80%\"><strong>Gimn\u00e0stica <\/strong><br \/>\nCasal C\u00edvic i Comunitari l&#8217;Hospitalet Bellvitge<\/td>\n<\/tr>\n<tr>\n<td class=\"fecha\" align=\"left\" width=\"20%\">17.15 a 17.30 h<\/td>\n<td align=\"left\" width=\"80%\"><strong>Tai-Txi <\/strong><br \/>\nCasal de Gent Gran Navas<\/td>\n<\/tr>\n<tr>\n<td class=\"fecha\" align=\"left\" width=\"20%\">18.15 a 19.00 h<\/td>\n<td align=\"left\" width=\"80%\"><strong>Country &#8211; Linedance <\/strong><br \/>\nAssociaci\u00f3 de Ve\u00efns La Fran\u00e7a<\/td>\n<\/tr>\n<\/tbody>\n<\/table>\n<\/div>\n<hr style=\"margin: 30px 0px;\" \/>\n<div class=\"table-2 exposiciones\">\n<table width=\"100%\">\n<thead>\n<tr>\n<th colspan=\"2\" align=\"left\">VIERNES 31 DE MAYO<\/th>\n<\/tr>\n<\/thead>\n<tbody>\n<tr>\n<td class=\"fecha\" align=\"left\" width=\"20%\">12.00 a 12.45 h<\/td>\n<td align=\"left\" width=\"80%\"><strong>Estiraments <\/strong><br \/>\nCasal de Gent Gran Navas<\/td>\n<\/tr>\n<tr>\n<td class=\"fecha\" align=\"left\" width=\"20%\">16.15 a 17.00 h<\/td>\n<td align=\"left\" width=\"80%\"><strong>Ball en L\u00ednia <\/strong><br \/>\nCasal de Gent Gran de Santa Eul\u00e0lia<\/td>\n<\/tr>\n<tr>\n<td class=\"fecha\" align=\"left\" width=\"20%\">17.00 a 17.30 h<\/td>\n<td align=\"left\" width=\"80%\"><strong>Ball en L\u00ednia Participatiu <\/strong><br \/>\nConex<\/td>\n<\/tr>\n<tr>\n<td class=\"fecha\" align=\"left\" width=\"20%\">17.30 a 18.15 h<\/td>\n<td align=\"left\" width=\"80%\"><strong>Castanyoles <\/strong><br \/>\nCasal de la Gent Gran de La Torrassa<\/td>\n<\/tr>\n<\/tbody>\n<\/table>\n<\/div>\n<\/div><\/div><\/div><\/div><div class=\"fusion-modal modal fade modal-4 manualidades\" tabindex=\"-1\" role=\"dialog\" aria-labelledby=\"modal-heading-4\" aria-hidden=\"true\" style=\"--awb-border-color:#ebebeb;--awb-background:#ffffff;\"><div class=\"modal-dialog modal-lg\" role=\"document\"><div class=\"modal-content fusion-modal-content\"><div class=\"modal-header\"><button class=\"close\" type=\"button\" data-dismiss=\"modal\" aria-hidden=\"true\" aria-label=\"Close\">&times;<\/button><h3 class=\"modal-title\" id=\"modal-heading-4\" data-dismiss=\"modal\" aria-hidden=\"true\">Actividades en la Zona de Manualidades de FiraGran 2024<\/h3><\/div><div class=\"modal-body fusion-clearfix\">\n<div class=\"table-2 manualidades\">\n<table width=\"100%\">\n<thead>\n<tr>\n<th colspan=\"2\" align=\"left\">MI\u00c9RCOLES 29 DE MAYO<\/th>\n<\/tr>\n<\/thead>\n<tbody>\n<tr>\n<td class=\"fecha\" align=\"left\" width=\"20%\">10.00 a 14.00 h<\/td>\n<td align=\"left\" width=\"80%\"><strong>Teixim Solidaritat <\/strong><br \/>\n\u201cTeixidores de Somnis\u201d el Casal de Ca n\u2019Ar\u00fas de l\u2019Hospitalet de Llobregat<\/td>\n<\/tr>\n<tr>\n<td class=\"fecha\" align=\"left\" width=\"20%\">MAT\u00cd<\/td>\n<td align=\"left\" width=\"80%\"><strong>Boixets <\/strong><br \/>\nCasal de Gent Gran Can Serra<\/td>\n<\/tr>\n<tr>\n<td class=\"fecha\" align=\"left\" width=\"20%\">TARDA<\/td>\n<td align=\"left\" width=\"80%\"><strong>Tul <\/strong><br \/>\nCasal C\u00edvic Hospitalet de Llobregat &#8211; Din\u00e0mic Gornal<\/td>\n<\/tr>\n<tr>\n<td class=\"fecha\" align=\"left\" width=\"20%\">TARDA<\/td>\n<td align=\"left\" width=\"80%\"><strong>Boixets <\/strong><br \/>\nCasal de Gent Gran Can Serra<\/td>\n<\/tr>\n<tr>\n<td class=\"fecha\" align=\"left\" width=\"20%\">17.00 a 19.00 h<\/td>\n<td align=\"left\" width=\"80%\"><strong>Boixets i Multilabors <\/strong><br \/>\nCasal de Gent Gran Sant Josep<\/td>\n<\/tr>\n<\/tbody>\n<\/table>\n<\/div>\n<hr style=\"margin: 30px 0px;\" \/>\n<div class=\"table-2 manualidades\">\n<table width=\"100%\">\n<thead>\n<tr>\n<th colspan=\"2\" align=\"left\">JUEVES 30 DE MAYO<\/th>\n<\/tr>\n<\/thead>\n<tbody>\n<tr>\n<td class=\"fecha\" align=\"left\" width=\"20%\">MAT\u00cd<\/td>\n<td align=\"left\" width=\"80%\"><strong>Taller de M\u00e0gia <\/strong><br \/>\nConex<\/td>\n<\/tr>\n<tr>\n<td class=\"fecha\" align=\"left\" width=\"20%\">MAT\u00cd<\/td>\n<td align=\"left\" width=\"80%\"><strong>Taller de Tarot <\/strong><br \/>\nConex<\/td>\n<\/tr>\n<tr>\n<td class=\"fecha\" align=\"left\" width=\"20%\">MAT\u00cd<\/td>\n<td align=\"left\" width=\"80%\"><strong>Boixets <\/strong><br \/>\nCasal de Gent Gran Can Serra<\/td>\n<\/tr>\n<tr>\n<td class=\"fecha\" align=\"left\" width=\"20%\">MAT\u00cd<\/td>\n<td align=\"left\" width=\"80%\"><strong>Puntes de Coix\u00ed (Boixets) <\/strong><br \/>\nConex<\/td>\n<\/tr>\n<tr>\n<td class=\"fecha\" align=\"left\" width=\"20%\">TARDA<\/td>\n<td align=\"left\" width=\"80%\"><strong>Bolillos <\/strong><br \/>\nCasal C\u00edvic Hospitalet de Llobregat &#8211; Din\u00e0mic Gornal<\/td>\n<\/tr>\n<tr>\n<td class=\"fecha\" align=\"left\" width=\"20%\">Boixets<\/td>\n<td align=\"left\" width=\"80%\"><strong>Boixets<\/strong><br \/>\nCasal de Gent Gran Can Serra<\/td>\n<\/tr>\n<\/tbody>\n<\/table>\n<\/div>\n<hr style=\"margin: 30px 0px;\" \/>\n<div class=\"table-2 manualidades\">\n<table width=\"100%\">\n<thead>\n<tr>\n<th colspan=\"2\" align=\"left\">VIERNES 31 DE MAYO<\/th>\n<\/tr>\n<\/thead>\n<tbody>\n<tr>\n<td class=\"fecha\" align=\"left\" width=\"20%\">10.00 a 13.00 h<\/td>\n<td align=\"left\" width=\"80%\"><strong>Boixets <\/strong><br \/>\nLas chicas de oro<\/td>\n<\/tr>\n<tr>\n<td class=\"fecha\" align=\"left\" width=\"20%\">MAT\u00cd<\/td>\n<td align=\"left\" width=\"80%\"><strong>Puntes de Coix\u00ed (Boixets) <\/strong><br \/>\nAssociaci\u00f3 de Gent Gran de Sant Mart\u00ed<\/td>\n<\/tr>\n<tr>\n<td class=\"fecha\" align=\"left\" width=\"20%\">MAT\u00cd<\/td>\n<td align=\"left\" width=\"80%\"><strong>Boixets <\/strong><br \/>\nCasal de Gent Gran Can Serra<\/td>\n<\/tr>\n<tr>\n<td class=\"fecha\" align=\"left\" width=\"20%\">TARDA<\/td>\n<td align=\"left\" width=\"80%\"><strong>Llana <\/strong><br \/>\nCasal C\u00edvic Hospitalet de Llobregat &#8211; Din\u00e0mic Gornal<\/td>\n<\/tr>\n<tr>\n<td class=\"fecha\" align=\"left\" width=\"20%\">TARDA<\/td>\n<td align=\"left\" width=\"80%\"><strong>Boixets <\/strong><br \/>\nCasal de Gent Gran Can Serra<\/td>\n<\/tr>\n<\/tbody>\n<\/table>\n<\/div>\n<\/div><\/div><\/div><\/div><div class=\"fusion-clearfix\"><\/div><\/div><\/div><\/div><\/div><div class=\"fusion-fullwidth fullwidth-box fusion-builder-row-3 nonhundred-percent-fullwidth non-hundred-percent-height-scrolling\" style=\"--awb-border-radius-top-left:0px;--awb-border-radius-top-right:0px;--awb-border-radius-bottom-right:0px;--awb-border-radius-bottom-left:0px;--awb-margin-bottom:0px;--awb-flex-wrap:wrap;\" ><div class=\"fusion-builder-row fusion-row\"><div class=\"fusion-layout-column fusion_builder_column fusion-builder-column-2 fusion_builder_column_1_1 1_1 fusion-one-full fusion-column-first fusion-column-last\" style=\"--awb-bg-size:cover;\"><div class=\"fusion-column-wrapper fusion-flex-column-wrapper-legacy\"><div class=\"fusion-slider-sc fusion-flexslider-loading flexslider flexslider-hover-type-none\" data-slideshow_autoplay=\"1\" data-slideshow_smooth_height=\"0\" data-slideshow_speed=\"7000\" style=\"max-width:100%;height:100%;\"><ul class=\"slides\"><li class=\"image\"><a class=\"lightbox-enabled fusion-lightbox\" data-rel=\"iLightbox[slider_carousel_1]\" title=\"img_activitats_01_2019\" data-title=\"img_activitats_01_2019\" aria-label=\"img_activitats_01_2019\" href=\"https:\/\/firagran.com\/wp-content\/uploads\/img_activitats_01_2019.jpg\" target=\"_self\"><span class=\"fusion-image-hover-element hover-type-none\"><img decoding=\"async\" src=\"https:\/\/firagran.com\/wp-content\/uploads\/img_activitats_01_2019.jpg\" width=\"850\" height=\"547\" \/><\/span><\/a><\/li><li class=\"image\"><a class=\"lightbox-enabled fusion-lightbox\" data-rel=\"iLightbox[slider_carousel_1]\" title=\"img_activitats_02_2019\" data-title=\"img_activitats_02_2019\" aria-label=\"img_activitats_02_2019\" href=\"https:\/\/firagran.com\/wp-content\/uploads\/img_activitats_02_2019.jpg\" target=\"_self\"><span class=\"fusion-image-hover-element hover-type-none\"><img decoding=\"async\" src=\"https:\/\/firagran.com\/wp-content\/uploads\/img_activitats_02_2019.jpg\" width=\"850\" height=\"547\" \/><\/span><\/a><\/li><li class=\"image\"><a class=\"lightbox-enabled fusion-lightbox\" data-rel=\"iLightbox[slider_carousel_1]\" title=\"img_activitats_03_2019\" data-title=\"img_activitats_03_2019\" aria-label=\"img_activitats_03_2019\" href=\"https:\/\/firagran.com\/wp-content\/uploads\/img_activitats_03_2019.jpg\" target=\"_self\"><span class=\"fusion-image-hover-element hover-type-none\"><img decoding=\"async\" src=\"https:\/\/firagran.com\/wp-content\/uploads\/img_activitats_03_2019.jpg\" width=\"850\" height=\"547\" \/><\/span><\/a><\/li><li class=\"image\"><a class=\"lightbox-enabled fusion-lightbox\" data-rel=\"iLightbox[slider_carousel_1]\" title=\"img_activitats_05_2019\" data-title=\"img_activitats_05_2019\" aria-label=\"img_activitats_05_2019\" href=\"https:\/\/firagran.com\/wp-content\/uploads\/img_activitats_05_2019.jpg\" target=\"_self\"><span class=\"fusion-image-hover-element hover-type-none\"><img decoding=\"async\" src=\"https:\/\/firagran.com\/wp-content\/uploads\/img_activitats_05_2019.jpg\" width=\"850\" height=\"547\" \/><\/span><\/a><\/li><li class=\"image\"><a class=\"lightbox-enabled fusion-lightbox\" data-rel=\"iLightbox[slider_carousel_1]\" title=\"img_activitats_04_2019\" data-title=\"img_activitats_04_2019\" aria-label=\"img_activitats_04_2019\" href=\"https:\/\/firagran.com\/wp-content\/uploads\/img_activitats_04_2019.jpg\" target=\"_self\"><span class=\"fusion-image-hover-element hover-type-none\"><img decoding=\"async\" src=\"https:\/\/firagran.com\/wp-content\/uploads\/img_activitats_04_2019.jpg\" width=\"850\" height=\"547\" \/><\/span><\/a><\/li><li class=\"image\"><a class=\"lightbox-enabled fusion-lightbox\" data-rel=\"iLightbox[slider_carousel_1]\" title=\"img_activitats_06_2019\" data-title=\"img_activitats_06_2019\" aria-label=\"img_activitats_06_2019\" href=\"https:\/\/firagran.com\/wp-content\/uploads\/img_activitats_06_2019.jpg\" target=\"_self\"><span class=\"fusion-image-hover-element hover-type-none\"><img decoding=\"async\" src=\"https:\/\/firagran.com\/wp-content\/uploads\/img_activitats_06_2019.jpg\" width=\"850\" height=\"547\" \/><\/span><\/a><\/li><li class=\"image\"><a class=\"lightbox-enabled fusion-lightbox\" data-rel=\"iLightbox[slider_carousel_1]\" title=\"img_activitats_07_2019\" data-title=\"img_activitats_07_2019\" aria-label=\"img_activitats_07_2019\" href=\"https:\/\/firagran.com\/wp-content\/uploads\/img_activitats_07_2019.jpg\" target=\"_self\"><span class=\"fusion-image-hover-element hover-type-none\"><img decoding=\"async\" src=\"https:\/\/firagran.com\/wp-content\/uploads\/img_activitats_07_2019.jpg\" width=\"850\" height=\"547\" \/><\/span><\/a><\/li><\/ul><\/div><div class=\"fusion-clearfix\"><\/div><\/div><\/div><\/div><\/div><\/p>\n","protected":false},"excerpt":{"rendered":"","protected":false},"author":1,"featured_media":0,"parent":2586,"menu_order":0,"comment_status":"closed","ping_status":"closed","template":"","meta":{"footnotes":""},"class_list":["post-2591","page","type-page","status-publish","hentry"],"_links":{"self":[{"href":"https:\/\/firagran.com\/es\/wp-json\/wp\/v2\/pages\/2591","targetHints":{"allow":["GET"]}}],"collection":[{"href":"https:\/\/firagran.com\/es\/wp-json\/wp\/v2\/pages"}],"about":[{"href":"https:\/\/firagran.com\/es\/wp-json\/wp\/v2\/types\/page"}],"author":[{"embeddable":true,"href":"https:\/\/firagran.com\/es\/wp-json\/wp\/v2\/users\/1"}],"replies":[{"embeddable":true,"href":"https:\/\/firagran.com\/es\/wp-json\/wp\/v2\/comments?post=2591"}],"version-history":[{"count":5,"href":"https:\/\/firagran.com\/es\/wp-json\/wp\/v2\/pages\/2591\/revisions"}],"predecessor-version":[{"id":17712,"href":"https:\/\/firagran.com\/es\/wp-json\/wp\/v2\/pages\/2591\/revisions\/17712"}],"up":[{"embeddable":true,"href":"https:\/\/firagran.com\/es\/wp-json\/wp\/v2\/pages\/2586"}],"wp:attachment":[{"href":"https:\/\/firagran.com\/es\/wp-json\/wp\/v2\/media?parent=2591"}],"curies":[{"name":"wp","href":"https:\/\/api.w.org\/{rel}","templated":true}]}}