{"id":2605,"date":"2017-03-28T18:11:17","date_gmt":"2017-03-28T17:11:17","guid":{"rendered":"https:\/\/firagran.com\/salon-de-las-personas-mayores-de-cataluna\/caminada-firagran\/"},"modified":"2026-03-02T18:04:38","modified_gmt":"2026-03-02T17:04:38","slug":"caminata-firagran","status":"publish","type":"page","link":"https:\/\/firagran.com\/es\/salon-de-las-personas-mayores-de-cataluna\/caminata-firagran\/","title":{"rendered":"Caminata FiraGran"},"content":{"rendered":"<p><div class=\"fusion-fullwidth fullwidth-box fusion-builder-row-1 nonhundred-percent-fullwidth non-hundred-percent-height-scrolling\" style=\"--awb-border-radius-top-left:0px;--awb-border-radius-top-right:0px;--awb-border-radius-bottom-right:0px;--awb-border-radius-bottom-left:0px;--awb-flex-wrap:wrap;\" ><div class=\"fusion-builder-row fusion-row\"><div class=\"fusion-layout-column fusion_builder_column fusion-builder-column-0 fusion_builder_column_1_1 1_1 fusion-one-full fusion-column-first fusion-column-last\" style=\"--awb-bg-size:cover;\"><div class=\"fusion-column-wrapper fusion-flex-column-wrapper-legacy\"><div class=\"fusion-text fusion-text-1\"><h1>Caminata FiraGran 2026 para mayores de 60 a\u00f1os<\/h1>\n<h4 class=\"fechas\">Viernes 29 de mayo de 2026 a las 10:00h<\/h4>\n<\/div><div class=\"fusion-sep-clear\"><\/div><div class=\"fusion-separator fusion-full-width-sep fusion-clearfix\" style=\"float:left;margin-top:15px;margin-bottom:15px;width:100%;\"><div class=\"fusion-separator-border sep-single sep-solid\" style=\"--awb-height:20px;--awb-amount:20px;--awb-sep-color:#6bc0b4;border-color:#6bc0b4;border-top-width:2px;\"><\/div><\/div><div class=\"fusion-sep-clear\"><\/div><div class=\"fusion-clearfix\"><\/div><\/div><\/div><\/div><\/div><div class=\"fusion-fullwidth fullwidth-box fusion-builder-row-2 nonhundred-percent-fullwidth non-hundred-percent-height-scrolling\" style=\"--awb-border-radius-top-left:0px;--awb-border-radius-top-right:0px;--awb-border-radius-bottom-right:0px;--awb-border-radius-bottom-left:0px;--awb-flex-wrap:wrap;\" ><div class=\"fusion-builder-row fusion-row\"><div class=\"fusion-layout-column fusion_builder_column fusion-builder-column-1 fusion_builder_column_1_1 1_1 fusion-one-full fusion-column-first fusion-column-last\" style=\"--awb-bg-size:cover;\"><div class=\"fusion-column-wrapper fusion-flex-column-wrapper-legacy\"><div class=\"fusion-text fusion-text-2\"><h6>FECHA Y HORA:<\/h6>\n<p>Viernes 29 de mayo de 2026 a las 10:00h<\/p>\n<h6>ITINERARIO:<\/h6>\n<p>El recorrido ser\u00e1 indicado m\u00e1s adelante, pero ser\u00e1 por L&#8217;Hospitalet de Llobregat<\/p>\n<h6>TAI-CHI<\/h6>\n<p>Despu\u00e9s del recorrido se har\u00e1 una clase de Tai-Chi \/ Chi-Kung<\/p>\n<h6>RECOMENDACIONES:<\/h6>\n<ul>\n<li>Vestir con <strong> ropa deportiva, c\u00f3moda y fresca.<\/strong><\/li>\n<li>Utilizar <strong> crema protectora solar y <strong> gorra .<\/strong><\/strong><\/li>\n<li>Llevar <strong> calzado c\u00f3modo y adecuado para caminar.<\/strong><\/li>\n<li><strong> Hidratarse de forma continuada durante el transcurso de la prueba as\u00ed como en los momentos posteriores a su realizaci\u00f3n.<\/strong><\/li>\n<li>Ante cualquier s\u00edntoma de malestar, lo mejor es <strong><strong> parar y avisar a los monitores acompa\u00f1antes.<br \/>\n<\/strong><\/strong><\/li>\n<\/ul>\n<h6>PUNTO Y HORA DE ENCUENTRO:<\/h6>\n<p>La Farga de l\u2019Hospitalet a las <strong>09:30h.<\/strong><\/p>\n<h6>SALIDA:<\/h6>\n<p><b>Viernes 29 de mayo de 2026 a las 10:00h<\/b><\/p>\n<h6><strong> A los participantes de la caminata se les obsequiar\u00e1 con una camiseta de la feria y una botella de agua.<\/strong><\/h6>\n<p><strong>Inscripciones gratuitas: casals@firagran.com o al 932386868<\/strong><\/p>\n<\/div><div class=\"fusion-clearfix\"><\/div><\/div><\/div><\/div><\/div><div class=\"fusion-fullwidth fullwidth-box fusion-builder-row-3 nonhundred-percent-fullwidth non-hundred-percent-height-scrolling\" style=\"--awb-border-radius-top-left:0px;--awb-border-radius-top-right:0px;--awb-border-radius-bottom-right:0px;--awb-border-radius-bottom-left:0px;--awb-flex-wrap:wrap;\" ><div class=\"fusion-builder-row fusion-row\"><div class=\"fusion-layout-column fusion_builder_column fusion-builder-column-2 fusion_builder_column_1_3 1_3 fusion-one-third fusion-column-first\" style=\"--awb-bg-size:cover;width:33.333333333333%;width:calc(33.333333333333% - ( ( 4% ) * 0.33333333333333 ) );margin-right: 4%;\"><div class=\"fusion-column-wrapper fusion-flex-column-wrapper-legacy\"><div class=\"fusion-text fusion-text-3\"><h6>Con el apoyo\u00a0de:<strong><br \/>\n<img decoding=\"async\" style=\"margin-top: 10px;\" src=\"https:\/\/firagran.com\/wp-content\/uploads\/logo_generalitat_salut.jpg\" width=\"200\" height=\"53\" \/><\/strong><\/h6>\n<\/div><div class=\"fusion-clearfix\"><\/div><\/div><\/div><div class=\"fusion-layout-column fusion_builder_column fusion-builder-column-3 fusion_builder_column_1_3 1_3 fusion-one-third fusion-column-last\" style=\"--awb-bg-size:cover;width:33.333333333333%;width:calc(33.333333333333% - ( ( 4% ) * 0.33333333333333 ) );\"><div class=\"fusion-column-wrapper fusion-flex-column-wrapper-legacy\"><div class=\"fusion-clearfix\"><\/div><\/div><\/div><\/div><\/div><div class=\"fusion-fullwidth fullwidth-box fusion-builder-row-4 fusion-flex-container has-pattern-background has-mask-background nonhundred-percent-fullwidth non-hundred-percent-height-scrolling\" style=\"--awb-border-radius-top-left:0px;--awb-border-radius-top-right:0px;--awb-border-radius-bottom-right:0px;--awb-border-radius-bottom-left:0px;--awb-flex-wrap:wrap;\" ><div class=\"fusion-builder-row fusion-row fusion-flex-align-items-flex-start fusion-flex-content-wrap\" style=\"max-width:1248px;margin-left: calc(-4% \/ 2 );margin-right: calc(-4% \/ 2 );\"><div class=\"fusion-layout-column fusion_builder_column fusion-builder-column-4 fusion_builder_column_1_1 1_1 fusion-flex-column\" style=\"--awb-bg-size:cover;--awb-width-large:100%;--awb-margin-top-large:0px;--awb-spacing-right-large:1.92%;--awb-margin-bottom-large:10px;--awb-spacing-left-large:1.92%;--awb-width-medium:100%;--awb-order-medium:0;--awb-spacing-right-medium:1.92%;--awb-spacing-left-medium:1.92%;--awb-width-small:100%;--awb-order-small:0;--awb-spacing-right-small:1.92%;--awb-spacing-left-small:1.92%;\"><div class=\"fusion-column-wrapper fusion-column-has-shadow fusion-flex-justify-content-flex-start fusion-content-layout-column\"><div class=\"fusion-text fusion-text-4\"><h5 style=\"text-align: center;\">FORMULARIO DE INSCRIPCI\u00d3N A LA CAMINATA<\/h5>\n<\/div><iframe src=\"https:\/\/docs.google.com\/forms\/d\/e\/1FAIpQLSe7tZ10LZjb2yvhh_laU19E33A1B9mZwwB3LtTLUxA-6BEjgg\/viewform?embedded=true\" width=\"100%\" height=\"1639\" frameborder=\"0\" marginheight=\"0\" marginwidth=\"0\">S'est\u00e0 carregant\u2026<\/iframe><\/div><\/div><\/div><\/div><div class=\"fusion-fullwidth fullwidth-box fusion-builder-row-5 has-pattern-background has-mask-background nonhundred-percent-fullwidth non-hundred-percent-height-scrolling\" style=\"--awb-border-radius-top-left:0px;--awb-border-radius-top-right:0px;--awb-border-radius-bottom-right:0px;--awb-border-radius-bottom-left:0px;--awb-margin-top:30px;--awb-margin-bottom:25PX;--awb-flex-wrap:wrap;\" ><div class=\"fusion-builder-row fusion-row\"><div class=\"fusion-layout-column fusion_builder_column fusion-builder-column-5 fusion_builder_column_1_1 1_1 fusion-one-full fusion-column-first fusion-column-last\" style=\"--awb-bg-size:cover;\"><div class=\"fusion-column-wrapper fusion-flex-column-wrapper-legacy\"><div class=\"fusion-text fusion-text-5\">\n\t\t<style type=\"text\/css\">\n\t\t\t#gallery-1 {\n\t\t\t\tmargin: auto;\n\t\t\t}\n\t\t\t#gallery-1 .gallery-item {\n\t\t\t\tfloat: left;\n\t\t\t\tmargin-top: 10px;\n\t\t\t\ttext-align: center;\n\t\t\t\twidth: 33%;\n\t\t\t}\n\t\t\t#gallery-1 img {\n\t\t\t\tborder: 2px solid #cfcfcf;\n\t\t\t}\n\t\t\t#gallery-1 .gallery-caption {\n\t\t\t\tmargin-left: 0;\n\t\t\t}\n\t\t\t\/* see gallery_shortcode() in wp-includes\/media.php *\/\n\t\t<\/style>\n\t\t<div id='gallery-1' class='gallery galleryid-2605 gallery-columns-3 gallery-size-medium'><dl class='gallery-item'>\n\t\t\t<dt class='gallery-icon landscape'>\n\t\t\t\t<a data-rel=\"iLightbox[postimages]\" data-title=\"caminades2018_01\" data-caption=\"\" href='https:\/\/firagran.com\/wp-content\/uploads\/caminades2018_01.jpg'><img decoding=\"async\" width=\"300\" height=\"193\" src=\"https:\/\/firagran.com\/wp-content\/uploads\/caminades2018_01-300x193.jpg\" class=\"attachment-medium size-medium\" alt=\"\" srcset=\"https:\/\/firagran.com\/wp-content\/uploads\/caminades2018_01-200x129.jpg 200w, https:\/\/firagran.com\/wp-content\/uploads\/caminades2018_01-300x193.jpg 300w, https:\/\/firagran.com\/wp-content\/uploads\/caminades2018_01-400x257.jpg 400w, https:\/\/firagran.com\/wp-content\/uploads\/caminades2018_01-460x295.jpg 460w, https:\/\/firagran.com\/wp-content\/uploads\/caminades2018_01-600x386.jpg 600w, https:\/\/firagran.com\/wp-content\/uploads\/caminades2018_01-768x494.jpg 768w, https:\/\/firagran.com\/wp-content\/uploads\/caminades2018_01-800x515.jpg 800w, https:\/\/firagran.com\/wp-content\/uploads\/caminades2018_01.jpg 850w\" sizes=\"(max-width: 300px) 100vw, 300px\" \/><\/a>\n\t\t\t<\/dt><\/dl><dl class='gallery-item'>\n\t\t\t<dt class='gallery-icon landscape'>\n\t\t\t\t<a data-rel=\"iLightbox[postimages]\" data-title=\"caminades2018_02\" data-caption=\"\" href='https:\/\/firagran.com\/wp-content\/uploads\/caminades2018_02.jpg'><img decoding=\"async\" width=\"300\" height=\"193\" src=\"https:\/\/firagran.com\/wp-content\/uploads\/caminades2018_02-300x193.jpg\" class=\"attachment-medium size-medium\" alt=\"\" srcset=\"https:\/\/firagran.com\/wp-content\/uploads\/caminades2018_02-200x129.jpg 200w, https:\/\/firagran.com\/wp-content\/uploads\/caminades2018_02-300x193.jpg 300w, https:\/\/firagran.com\/wp-content\/uploads\/caminades2018_02-400x257.jpg 400w, https:\/\/firagran.com\/wp-content\/uploads\/caminades2018_02-460x295.jpg 460w, https:\/\/firagran.com\/wp-content\/uploads\/caminades2018_02-600x386.jpg 600w, https:\/\/firagran.com\/wp-content\/uploads\/caminades2018_02-768x494.jpg 768w, https:\/\/firagran.com\/wp-content\/uploads\/caminades2018_02-800x515.jpg 800w, https:\/\/firagran.com\/wp-content\/uploads\/caminades2018_02.jpg 850w\" sizes=\"(max-width: 300px) 100vw, 300px\" \/><\/a>\n\t\t\t<\/dt><\/dl><dl class='gallery-item'>\n\t\t\t<dt class='gallery-icon landscape'>\n\t\t\t\t<a data-rel=\"iLightbox[postimages]\" data-title=\"caminades2018_03\" data-caption=\"\" href='https:\/\/firagran.com\/wp-content\/uploads\/caminades2018_03.jpg'><img decoding=\"async\" width=\"300\" height=\"193\" src=\"https:\/\/firagran.com\/wp-content\/uploads\/caminades2018_03-300x193.jpg\" class=\"attachment-medium size-medium\" alt=\"\" srcset=\"https:\/\/firagran.com\/wp-content\/uploads\/caminades2018_03-200x129.jpg 200w, https:\/\/firagran.com\/wp-content\/uploads\/caminades2018_03-300x193.jpg 300w, https:\/\/firagran.com\/wp-content\/uploads\/caminades2018_03-400x257.jpg 400w, https:\/\/firagran.com\/wp-content\/uploads\/caminades2018_03-460x295.jpg 460w, https:\/\/firagran.com\/wp-content\/uploads\/caminades2018_03-600x386.jpg 600w, https:\/\/firagran.com\/wp-content\/uploads\/caminades2018_03-768x494.jpg 768w, https:\/\/firagran.com\/wp-content\/uploads\/caminades2018_03-800x515.jpg 800w, https:\/\/firagran.com\/wp-content\/uploads\/caminades2018_03.jpg 850w\" sizes=\"(max-width: 300px) 100vw, 300px\" \/><\/a>\n\t\t\t<\/dt><\/dl><br style=\"clear: both\" \/><dl class='gallery-item'>\n\t\t\t<dt class='gallery-icon landscape'>\n\t\t\t\t<a data-rel=\"iLightbox[postimages]\" data-title=\"caminades2018_04\" data-caption=\"\" href='https:\/\/firagran.com\/wp-content\/uploads\/caminades2018_04.jpg'><img decoding=\"async\" width=\"300\" height=\"193\" src=\"https:\/\/firagran.com\/wp-content\/uploads\/caminades2018_04-300x193.jpg\" class=\"attachment-medium size-medium\" alt=\"\" srcset=\"https:\/\/firagran.com\/wp-content\/uploads\/caminades2018_04-200x129.jpg 200w, https:\/\/firagran.com\/wp-content\/uploads\/caminades2018_04-300x193.jpg 300w, https:\/\/firagran.com\/wp-content\/uploads\/caminades2018_04-400x257.jpg 400w, https:\/\/firagran.com\/wp-content\/uploads\/caminades2018_04-460x295.jpg 460w, https:\/\/firagran.com\/wp-content\/uploads\/caminades2018_04-600x386.jpg 600w, https:\/\/firagran.com\/wp-content\/uploads\/caminades2018_04-768x494.jpg 768w, https:\/\/firagran.com\/wp-content\/uploads\/caminades2018_04-800x515.jpg 800w, https:\/\/firagran.com\/wp-content\/uploads\/caminades2018_04.jpg 850w\" sizes=\"(max-width: 300px) 100vw, 300px\" \/><\/a>\n\t\t\t<\/dt><\/dl>\n\t\t\t<br style='clear: both' \/>\n\t\t<\/div>\n\n<\/div><div class=\"fusion-clearfix\"><\/div><\/div><\/div><\/div><\/div><\/p>\n","protected":false},"excerpt":{"rendered":"","protected":false},"author":1,"featured_media":0,"parent":2586,"menu_order":0,"comment_status":"closed","ping_status":"closed","template":"","meta":{"footnotes":""},"class_list":["post-2605","page","type-page","status-publish","hentry"],"_links":{"self":[{"href":"https:\/\/firagran.com\/es\/wp-json\/wp\/v2\/pages\/2605","targetHints":{"allow":["GET"]}}],"collection":[{"href":"https:\/\/firagran.com\/es\/wp-json\/wp\/v2\/pages"}],"about":[{"href":"https:\/\/firagran.com\/es\/wp-json\/wp\/v2\/types\/page"}],"author":[{"embeddable":true,"href":"https:\/\/firagran.com\/es\/wp-json\/wp\/v2\/users\/1"}],"replies":[{"embeddable":true,"href":"https:\/\/firagran.com\/es\/wp-json\/wp\/v2\/comments?post=2605"}],"version-history":[{"count":5,"href":"https:\/\/firagran.com\/es\/wp-json\/wp\/v2\/pages\/2605\/revisions"}],"predecessor-version":[{"id":17729,"href":"https:\/\/firagran.com\/es\/wp-json\/wp\/v2\/pages\/2605\/revisions\/17729"}],"up":[{"embeddable":true,"href":"https:\/\/firagran.com\/es\/wp-json\/wp\/v2\/pages\/2586"}],"wp:attachment":[{"href":"https:\/\/firagran.com\/es\/wp-json\/wp\/v2\/media?parent=2605"}],"curies":[{"name":"wp","href":"https:\/\/api.w.org\/{rel}","templated":true}]}}