{"id":2725,"date":"2017-03-29T19:00:38","date_gmt":"2017-03-29T18:00:38","guid":{"rendered":"https:\/\/firagran.com\/dependencia\/serveis-datencio-domiciliaria\/"},"modified":"2017-04-26T16:51:33","modified_gmt":"2017-04-26T15:51:33","slug":"servicios-de-atencion-domiciliaria","status":"publish","type":"page","link":"https:\/\/firagran.com\/es\/dependencia\/servicios-de-atencion-domiciliaria\/","title":{"rendered":"Servicios de atenci\u00f3n domiciliaria"},"content":{"rendered":"<p><div class=\"fusion-fullwidth fullwidth-box fusion-builder-row-1 nonhundred-percent-fullwidth non-hundred-percent-height-scrolling\" style=\"--awb-border-radius-top-left:0px;--awb-border-radius-top-right:0px;--awb-border-radius-bottom-right:0px;--awb-border-radius-bottom-left:0px;--awb-flex-wrap:wrap;\" ><div class=\"fusion-builder-row fusion-row\"><div class=\"fusion-layout-column fusion_builder_column fusion-builder-column-0 fusion_builder_column_1_1 1_1 fusion-one-full fusion-column-first fusion-column-last\" style=\"--awb-bg-size:cover;\"><div class=\"fusion-column-wrapper fusion-flex-column-wrapper-legacy\"><div class=\"fusion-text fusion-text-1\"><p><strong>Los servicios de atenci\u00f3n domiciliaria son un conjunto de recursos y acciones dirigidas a las personas que, por raz\u00f3n de edad, enfermedad o discapacidad tienen limitada su autonom\u00eda.<\/strong><\/p>\n<p>Se prestan en el domicilio de las personas usuarias con el fin de promover una mejor calidad de vida. El objetivo principal es potenciar su autonom\u00eda personal.<\/p>\n<h4><strong>Este servicio incluye dos tipos de ayudas:<\/strong><\/h4>\n<ul class=\"td-arrow-list\">\n<li>Atenci\u00f3n de las necesidades del hogar<\/li>\n<li>Cura personal<\/li>\n<\/ul>\n<\/div><div class=\"accordian fusion-accordian\" style=\"--awb-border-size:2px;--awb-icon-size:13px;--awb-content-font-size:15px;--awb-icon-alignment:left;--awb-hover-color:#ffffff;--awb-border-color:#cccccc;--awb-background-color:#ffffff;--awb-divider-color:#e0dede;--awb-divider-hover-color:#e0dede;--awb-icon-color:#ffffff;--awb-title-color:#088a78;--awb-content-color:#333333;--awb-icon-box-color:#333333;--awb-toggle-hover-accent-color:#088a78;--awb-title-font-family:&quot;Roboto&quot;;--awb-title-font-weight:400;--awb-title-font-style:normal;--awb-title-font-size:22px;--awb-content-font-family:Arial, Helvetica, sans-serif;--awb-content-font-style:normal;--awb-content-font-weight:400;\"><div class=\"panel-group fusion-toggle-icon-boxed\" id=\"accordion-2725-1\"><div class=\"fusion-panel panel-default panel-f5bba77a511e8fddd fusion-toggle-no-divider fusion-toggle-boxed-mode\"><div class=\"panel-heading\"><h4 class=\"panel-title toggle\" id=\"toggle_f5bba77a511e8fddd\"><a aria-expanded=\"false\" aria-controls=\"f5bba77a511e8fddd\" role=\"button\" data-toggle=\"collapse\" data-parent=\"#accordion-2725-1\" data-target=\"#f5bba77a511e8fddd\" href=\"#f5bba77a511e8fddd\"><span class=\"fusion-toggle-icon-wrapper\" aria-hidden=\"true\"><i class=\"fa-fusion-box active-icon awb-icon-minus\" aria-hidden=\"true\"><\/i><i class=\"fa-fusion-box inactive-icon awb-icon-plus\" aria-hidden=\"true\"><\/i><\/span><span class=\"fusion-toggle-heading\">Objetivos<\/span><\/a><\/h4><\/div><div id=\"f5bba77a511e8fddd\" class=\"panel-collapse collapse \" aria-labelledby=\"toggle_f5bba77a511e8fddd\"><div class=\"panel-body toggle-content fusion-clearfix\">\n<ul class=\"td-arrow-list\">\n<li>Desarrollar tareas de asistencia, de prevenci\u00f3n y de educaci\u00f3n.<\/li>\n<li>Mantener a la persona en su domicilio, mejorando su calidad de vida.<\/li>\n<li>Atender a las personas que no pueden mantenerse aut\u00f3nomamente en su domicilio mientras no sean atendidas \u00edntegramente por los servicios sociales especializados cuando as\u00ed lo requieran.<\/li>\n<\/ul>\n<\/div><\/div><\/div><div class=\"fusion-panel panel-default panel-5fb4001045ba9c6fe fusion-toggle-no-divider fusion-toggle-boxed-mode\"><div class=\"panel-heading\"><h4 class=\"panel-title toggle\" id=\"toggle_5fb4001045ba9c6fe\"><a aria-expanded=\"false\" aria-controls=\"5fb4001045ba9c6fe\" role=\"button\" data-toggle=\"collapse\" data-parent=\"#accordion-2725-1\" data-target=\"#5fb4001045ba9c6fe\" href=\"#5fb4001045ba9c6fe\"><span class=\"fusion-toggle-icon-wrapper\" aria-hidden=\"true\"><i class=\"fa-fusion-box active-icon awb-icon-minus\" aria-hidden=\"true\"><\/i><i class=\"fa-fusion-box inactive-icon awb-icon-plus\" aria-hidden=\"true\"><\/i><\/span><span class=\"fusion-toggle-heading\">Servicios que se ofrecen<\/span><\/a><\/h4><\/div><div id=\"5fb4001045ba9c6fe\" class=\"panel-collapse collapse \" aria-labelledby=\"toggle_5fb4001045ba9c6fe\"><div class=\"panel-body toggle-content fusion-clearfix\">\n<ul class=\"td-arrow-list\">\n<li><strong>Ayuda personal:<\/strong><br \/>\nhigiene personal, apoyo personal y\/o familiar, acompa\u00f1amiento fuera del hogar, dar la comida, recuperaci\u00f3n y\/o adquisici\u00f3n de h\u00e1bitos, control de la medicaci\u00f3n y de la alimentaci\u00f3n.<\/li>\n<li><strong>Ayuda al hogar:<br \/>\n<\/strong>mantener el orden y la limpieza de la casa, lavar y tender la ropa, ir a comprar, preparar la comida, entre otros.<\/li>\n<li><strong>Ayuda familiar y vecinal:<br \/>\n<\/strong>ense\u00f1ar t\u00e9cnicas de movilidad y otros al familiar m\u00e1s cercano.<\/li>\n<\/ul>\n<\/div><\/div><\/div><div class=\"fusion-panel panel-default panel-cd9ba6ed2631bc138 fusion-toggle-no-divider fusion-toggle-boxed-mode\"><div class=\"panel-heading\"><h4 class=\"panel-title toggle\" id=\"toggle_cd9ba6ed2631bc138\"><a aria-expanded=\"false\" aria-controls=\"cd9ba6ed2631bc138\" role=\"button\" data-toggle=\"collapse\" data-parent=\"#accordion-2725-1\" data-target=\"#cd9ba6ed2631bc138\" href=\"#cd9ba6ed2631bc138\"><span class=\"fusion-toggle-icon-wrapper\" aria-hidden=\"true\"><i class=\"fa-fusion-box active-icon awb-icon-minus\" aria-hidden=\"true\"><\/i><i class=\"fa-fusion-box inactive-icon awb-icon-plus\" aria-hidden=\"true\"><\/i><\/span><span class=\"fusion-toggle-heading\">\u00bfQui\u00e9n puede acceder?<\/span><\/a><\/h4><\/div><div id=\"cd9ba6ed2631bc138\" class=\"panel-collapse collapse \" aria-labelledby=\"toggle_cd9ba6ed2631bc138\"><div class=\"panel-body toggle-content fusion-clearfix\">\n<p>Personas mayores con discapacidad y familias que presenten situaciones de carencia de autonom\u00eda personal, dificultades de desarrollo o con problem\u00e1ticas familiares especiales y\/o situaciones de dependencia.<\/p>\n<\/div><\/div><\/div><div class=\"fusion-panel panel-default panel-b579d45ffb82bc241 fusion-toggle-no-divider fusion-toggle-boxed-mode\"><div class=\"panel-heading\"><h4 class=\"panel-title toggle\" id=\"toggle_b579d45ffb82bc241\"><a aria-expanded=\"false\" aria-controls=\"b579d45ffb82bc241\" role=\"button\" data-toggle=\"collapse\" data-parent=\"#accordion-2725-1\" data-target=\"#b579d45ffb82bc241\" href=\"#b579d45ffb82bc241\"><span class=\"fusion-toggle-icon-wrapper\" aria-hidden=\"true\"><i class=\"fa-fusion-box active-icon awb-icon-minus\" aria-hidden=\"true\"><\/i><i class=\"fa-fusion-box inactive-icon awb-icon-plus\" aria-hidden=\"true\"><\/i><\/span><span class=\"fusion-toggle-heading\">\u00bfC\u00f3mo acceder?<\/span><\/a><\/h4><\/div><div id=\"b579d45ffb82bc241\" class=\"panel-collapse collapse \" aria-labelledby=\"toggle_b579d45ffb82bc241\"><div class=\"panel-body toggle-content fusion-clearfix\">\n<p><strong>Para acceder al servicio de ayuda a domicilio se tiene que tramitar la demanda a los Servicios Sociales B\u00e1sicos que le corresponda. <\/strong><\/p>\n<p>El profesional encargado ser\u00e1 quien valorar\u00e1 la necesidad y determinar\u00e1 el plan de intervenci\u00f3n en el que establecer\u00e1 las horas y tareas a realizar.<\/p>\n<\/div><\/div><\/div><div class=\"fusion-panel panel-default panel-26aeb5fd43c52ec93 fusion-toggle-no-divider fusion-toggle-boxed-mode\"><div class=\"panel-heading\"><h4 class=\"panel-title toggle\" id=\"toggle_26aeb5fd43c52ec93\"><a aria-expanded=\"false\" aria-controls=\"26aeb5fd43c52ec93\" role=\"button\" data-toggle=\"collapse\" data-parent=\"#accordion-2725-1\" data-target=\"#26aeb5fd43c52ec93\" href=\"#26aeb5fd43c52ec93\"><span class=\"fusion-toggle-icon-wrapper\" aria-hidden=\"true\"><i class=\"fa-fusion-box active-icon awb-icon-minus\" aria-hidden=\"true\"><\/i><i class=\"fa-fusion-box inactive-icon awb-icon-plus\" aria-hidden=\"true\"><\/i><\/span><span class=\"fusion-toggle-heading\">Criterios de acceso - Normativa reguladora<\/span><\/a><\/h4><\/div><div id=\"26aeb5fd43c52ec93\" class=\"panel-collapse collapse \" aria-labelledby=\"toggle_26aeb5fd43c52ec93\"><div class=\"panel-body toggle-content fusion-clearfix\">\n<p>Los requisitos para acceder a este servicio son los siguientes:<\/p>\n<ul class=\"td-arrow-list\">\n<li>La acreditaci\u00f3n de la situaci\u00f3n de necesidad, de acuerdo con los art\u00edculos 8, 9 y 10 y el Anexo 2 del Decreto 27\/2003 de 21 de enero de atenci\u00f3n social primaria y, tambi\u00e9n, de acuerdo con la normativa espec\u00edfica del servicio.<\/li>\n<li>Si es necesario, la acreditaci\u00f3n de la situaci\u00f3n de dependencia, por medio de la resoluci\u00f3n emitida por el \u00f3rgano de valoraci\u00f3n correspondiente, de acuerdo con el Real Decreto 504\/2007, de 20 de abril.<\/li>\n<li>Si es necesario, el requisito de residencia establecido en la Ley 39\/2006, de 14 de diciembre.<\/li>\n<li>Para las personas extranjeras, los requisitos establecidos en la normativa vigente de extranjer\u00eda y de acogida e integraci\u00f3n de las personas inmigradas.<\/li>\n<li>Si es el caso, el abono del precio p\u00fablico, de acuerdo con la normativa tributaria; f) el resto de requisitos de acceso establecidos en el ordenamiento jur\u00eddico vigente.<\/li>\n<\/ul>\n<\/div><\/div><\/div><\/div><\/div><div class=\"fusion-clearfix\"><\/div><\/div><\/div><\/div><\/div><div class=\"fusion-fullwidth fullwidth-box fusion-builder-row-2 nonhundred-percent-fullwidth non-hundred-percent-height-scrolling caja_enlaces\" style=\"--awb-border-radius-top-left:0px;--awb-border-radius-top-right:0px;--awb-border-radius-bottom-right:0px;--awb-border-radius-bottom-left:0px;--awb-flex-wrap:wrap;\" ><div class=\"fusion-builder-row fusion-row\"><div class=\"fusion-layout-column fusion_builder_column fusion-builder-column-1 fusion_builder_column_1_1 1_1 fusion-one-full fusion-column-first fusion-column-last\" style=\"--awb-bg-size:cover;\"><div class=\"fusion-column-wrapper fusion-flex-column-wrapper-legacy\"><div class=\"fusion-text fusion-text-2\"><h5>Enlaces de inter\u00e9s:<\/h5>\n<\/div><div class=\"fusion-sep-clear\"><\/div><div class=\"fusion-separator fusion-clearfix\" style=\"float:left;width:100%;max-width:20px;\"><\/div><div class=\"fusion-sep-clear\"><\/div><div class=\"fusion-text fusion-text-3\"><ul class=\"td-arrow-list\">\n<li><a href=\"http:\/\/sani-net.net\/\" target=\"_blank\" rel=\"noopener noreferrer\">Saninet<\/a><\/li>\n<li><a href=\"http:\/\/treballiaferssocials.gencat.cat\/ca\/ambits_tematics\/gent_gran\/serveis_datencio_domiciliaria\/\" target=\"_blank\" rel=\"noopener noreferrer\">Generalitat de Catalunya \u2013 Departament de Treballs i Afers Socials<\/a><\/li>\n<li><a href=\"http:\/\/www.diba.cat\/es\/web\/benestar\/atencio-domiciliaria1\" target=\"_blank\" rel=\"noopener noreferrer\">Diputaci\u00f3 de Barcelona<\/a><\/li>\n<li><a href=\"http:\/\/serveisgentgranradars.org\/servei-d-ajuda-a-domicili-etq14.html\" target=\"_blank\" rel=\"noopener noreferrer\">Projecte Radars<\/a><\/li>\n<\/ul>\n<\/div><div class=\"fusion-clearfix\"><\/div><\/div><\/div><\/div><\/div><\/p>\n","protected":false},"excerpt":{"rendered":"","protected":false},"author":1,"featured_media":1988,"parent":2719,"menu_order":0,"comment_status":"closed","ping_status":"closed","template":"","meta":{"footnotes":""},"class_list":["post-2725","page","type-page","status-publish","has-post-thumbnail","hentry"],"_links":{"self":[{"href":"https:\/\/firagran.com\/es\/wp-json\/wp\/v2\/pages\/2725","targetHints":{"allow":["GET"]}}],"collection":[{"href":"https:\/\/firagran.com\/es\/wp-json\/wp\/v2\/pages"}],"about":[{"href":"https:\/\/firagran.com\/es\/wp-json\/wp\/v2\/types\/page"}],"author":[{"embeddable":true,"href":"https:\/\/firagran.com\/es\/wp-json\/wp\/v2\/users\/1"}],"replies":[{"embeddable":true,"href":"https:\/\/firagran.com\/es\/wp-json\/wp\/v2\/comments?post=2725"}],"version-history":[{"count":2,"href":"https:\/\/firagran.com\/es\/wp-json\/wp\/v2\/pages\/2725\/revisions"}],"predecessor-version":[{"id":2727,"href":"https:\/\/firagran.com\/es\/wp-json\/wp\/v2\/pages\/2725\/revisions\/2727"}],"up":[{"embeddable":true,"href":"https:\/\/firagran.com\/es\/wp-json\/wp\/v2\/pages\/2719"}],"wp:featuredmedia":[{"embeddable":true,"href":"https:\/\/firagran.com\/es\/wp-json\/wp\/v2\/media\/1988"}],"wp:attachment":[{"href":"https:\/\/firagran.com\/es\/wp-json\/wp\/v2\/media?parent=2725"}],"curies":[{"name":"wp","href":"https:\/\/api.w.org\/{rel}","templated":true}]}}