{"id":4560,"date":"2018-01-22T13:02:44","date_gmt":"2018-01-22T12:02:44","guid":{"rendered":"https:\/\/firagran.com\/fundacio-firagran\/"},"modified":"2022-06-22T16:10:09","modified_gmt":"2022-06-22T14:10:09","slug":"fundacion-firagran","status":"publish","type":"page","link":"https:\/\/firagran.com\/es\/fundacion-firagran\/","title":{"rendered":"Fundaci\u00f3n FiraGran"},"content":{"rendered":"<p><div class=\"fusion-fullwidth fullwidth-box fusion-builder-row-1 nonhundred-percent-fullwidth non-hundred-percent-height-scrolling\" style=\"--awb-border-radius-top-left:0px;--awb-border-radius-top-right:0px;--awb-border-radius-bottom-right:0px;--awb-border-radius-bottom-left:0px;--awb-flex-wrap:wrap;\" ><div class=\"fusion-builder-row fusion-row\"><div class=\"fusion-layout-column fusion_builder_column fusion-builder-column-0 fusion_builder_column_1_1 1_1 fusion-one-full fusion-column-first fusion-column-last\" style=\"--awb-bg-size:cover;\"><div class=\"fusion-column-wrapper fusion-flex-column-wrapper-legacy\"><div class=\"fusion-text fusion-text-1\"><p><img decoding=\"async\" class=\"aligncenter size-full wp-image-4533\" src=\"https:\/\/firagran.com\/wp-content\/uploads\/logo_fundacio_seccion.jpg\" alt=\"Fundaci\u00f3 FiraGran\" width=\"400\" height=\"160\" srcset=\"https:\/\/firagran.com\/wp-content\/uploads\/logo_fundacio_seccion-200x80.jpg 200w, https:\/\/firagran.com\/wp-content\/uploads\/logo_fundacio_seccion-300x120.jpg 300w, https:\/\/firagran.com\/wp-content\/uploads\/logo_fundacio_seccion.jpg 400w\" sizes=\"(max-width: 400px) 100vw, 400px\" \/><\/p>\n<\/div><div class=\"fusion-text fusion-text-2\"><h3>La Fundaci\u00f3n FiraGran es una entidad sin \u00e1nimo de lucro que tiene como objetivo realizar acciones para mejorar la calidad de vida de las personas mayores, promover un envejecimiento activo y participativo y defender los intereses de las personas mayores. La Fundaci\u00f3n est\u00e1 comprometida con los distintos Objetivos de Desarrollo Sostenible (ODS) de la agenda 2030.<\/h3>\n<\/div><div class=\"fusion-text fusion-text-3\" style=\"--awb-margin-top:20px;\"><p>Entre las acciones que se desarrollar\u00e1n desde la Fundaci\u00f3n FiraGran destaca la de organizar y promocionar FiraGran, el Sal\u00f3n de las Personas Mayores de Catalu\u00f1a. A trav\u00e9s de la Fundaci\u00f3n se pretende abrir el evento a nuevos p\u00fablicos, nuevas actividades y nuevos expositores, que hagan del evento un referente para las personas mayores y los profesionales que trabajan en su atenci\u00f3n.<\/p>\n<\/div><div class=\"fusion-clearfix\"><\/div><\/div><\/div><\/div><\/div><div class=\"fusion-fullwidth fullwidth-box fusion-builder-row-2 nonhundred-percent-fullwidth non-hundred-percent-height-scrolling\" style=\"--awb-border-radius-top-left:0px;--awb-border-radius-top-right:0px;--awb-border-radius-bottom-right:0px;--awb-border-radius-bottom-left:0px;--awb-padding-top:20px;--awb-padding-right:20px;--awb-padding-bottom:20px;--awb-padding-left:20px;--awb-background-color:#f3f3f3;--awb-flex-wrap:wrap;\" ><div class=\"fusion-builder-row fusion-row\"><div class=\"fusion-layout-column fusion_builder_column fusion-builder-column-1 fusion_builder_column_1_1 1_1 fusion-one-full fusion-column-first fusion-column-last\" style=\"--awb-bg-size:cover;\"><div class=\"fusion-column-wrapper fusion-flex-column-wrapper-legacy\"><div class=\"fusion-text fusion-text-4\"><h5><strong>Los objetivos que han fijado los patrones de la Fundaci\u00f3n FiraGran son:<\/strong><\/h5>\n<\/div><div class=\"fusion-clearfix\"><\/div><\/div><\/div><div class=\"fusion-layout-column fusion_builder_column fusion-builder-column-2 fusion_builder_column_1_2 1_2 fusion-one-half fusion-column-first\" style=\"--awb-bg-size:cover;width:50%;width:calc(50% - ( ( 4% ) * 0.5 ) );margin-right: 4%;\"><div class=\"fusion-column-wrapper fusion-flex-column-wrapper-legacy\"><div class=\"fusion-text fusion-text-5\"><ul>\n<li>Organizar actividades a favor de las personas mayores y en defensa de sus derechos.<\/li>\n<li>Organizar congresos, jornadas, debates, cursos, seminarios, talleres, conferencias, y estudios destinados a las personas mayores y los profesionales que trabajan en la atenci\u00f3n de las personas mayores.<\/li>\n<li>Promover productos, servicios y tecnolog\u00edas que favorezcan a las personas mayores.<\/li>\n<li>Gestionar webs como firagran.com, destinada a informar, asesorar y dar servicios a las personas mayores y los profesionales que trabajan en la atenci\u00f3n de las personas mayores.<\/li>\n<li>Realizar acciones frente a terceros y la sociedad en general sobre las necesidades y realidades de las personas mayores<\/li>\n<li>Fomentar estudios, tecnolog\u00edas y cualquier otro tipo de investigaci\u00f3n que sea de utilidad para las personas mayores y los profesionales que trabajan en su atenci\u00f3n.<\/li>\n<li>Promover la participaci\u00f3n de las personas mayores en la sociedad<\/li>\n<\/ul>\n<\/div><div class=\"fusion-clearfix\"><\/div><\/div><\/div><div class=\"fusion-layout-column fusion_builder_column fusion-builder-column-3 fusion_builder_column_1_2 1_2 fusion-one-half fusion-column-last\" style=\"--awb-bg-size:cover;width:50%;width:calc(50% - ( ( 4% ) * 0.5 ) );\"><div class=\"fusion-column-wrapper fusion-flex-column-wrapper-legacy\"><div class=\"fusion-text fusion-text-6\"><ul>\n<li>Realizar actividades para los profesionales que trabajan en la atenci\u00f3n de las personas mayores<\/li>\n<li>Realizar acuerdos de colaboraci\u00f3n o representaci\u00f3n con cualquier entidad o foro nacional e internacional (asociaciones, administraciones p\u00fablicas, universidades, entidades, colegios profesionales, empresas, webs, medios, etc) que est\u00e9n interesados \u200b\u200ben la gente mayor.<\/li>\n<li>Fomentar la no discriminaci\u00f3n a la diversidad entre las personas mayores<\/li>\n<li>Promover acciones legales para garantizar el bienestar y los derechos de las personas mayores<\/li>\n<li>Defender los derechos de las personas mayores (jubilaci\u00f3n, atenci\u00f3n a la dependencia, acceso a residencias, etc)<\/li>\n<li>Crear portales on line, redes sociales o cualquier otro medio de difusi\u00f3n que sea de inter\u00e9s para la gente mayor<\/li>\n<li>Y cualquier otra actividad que sirva para mejorar la calidad de vida de las personas mayores<\/li>\n<\/ul>\n<\/div><div class=\"fusion-clearfix\"><\/div><\/div><\/div><\/div><\/div><div class=\"fusion-fullwidth fullwidth-box fusion-builder-row-3 nonhundred-percent-fullwidth non-hundred-percent-height-scrolling\" style=\"--awb-border-radius-top-left:0px;--awb-border-radius-top-right:0px;--awb-border-radius-bottom-right:0px;--awb-border-radius-bottom-left:0px;--awb-margin-top:35px;--awb-margin-bottom:35px;--awb-flex-wrap:wrap;\" ><div class=\"fusion-builder-row fusion-row\"><div class=\"fusion-layout-column fusion_builder_column fusion-builder-column-4 fusion_builder_column_1_1 1_1 fusion-one-full fusion-column-first fusion-column-last\" style=\"--awb-bg-size:cover;\"><div class=\"fusion-column-wrapper fusion-flex-column-wrapper-legacy\"><div class=\"fusion-text fusion-text-7\"><h5 style=\"text-align: left;\"><strong>La Fundaci\u00f3n FiraGran desarrollar\u00e1 cada una de sus objetivos y actividades alineados con los ODS de la agenda 2030.<\/strong><\/h5>\n<\/div><div class=\"fusion-text fusion-text-8\"><p><img decoding=\"async\" class=\"wp-image-14369 alignleft\" style=\"margin-top: 10px;\" src=\"https:\/\/firagran.com\/wp-content\/uploads\/objectius_firagran_ods_3.jpg\" alt=\"\" width=\"120\" height=\"120\" srcset=\"https:\/\/firagran.com\/wp-content\/uploads\/objectius_firagran_ods_3-66x66.jpg 66w, https:\/\/firagran.com\/wp-content\/uploads\/objectius_firagran_ods_3-150x150.jpg 150w, https:\/\/firagran.com\/wp-content\/uploads\/objectius_firagran_ods_3-200x200.jpg 200w, https:\/\/firagran.com\/wp-content\/uploads\/objectius_firagran_ods_3.jpg 245w\" sizes=\"(max-width: 120px) 100vw, 120px\" \/> <img decoding=\"async\" class=\"wp-image-14371 alignleft\" style=\"margin-top: 10px;\" src=\"https:\/\/firagran.com\/wp-content\/uploads\/objectius_firagran_ods_4.jpg\" alt=\"\" width=\"120\" height=\"120\" srcset=\"https:\/\/firagran.com\/wp-content\/uploads\/objectius_firagran_ods_4-66x66.jpg 66w, https:\/\/firagran.com\/wp-content\/uploads\/objectius_firagran_ods_4-150x150.jpg 150w, https:\/\/firagran.com\/wp-content\/uploads\/objectius_firagran_ods_4-200x200.jpg 200w, https:\/\/firagran.com\/wp-content\/uploads\/objectius_firagran_ods_4.jpg 245w\" sizes=\"(max-width: 120px) 100vw, 120px\" \/><img decoding=\"async\" class=\"wp-image-14373 alignleft\" style=\"margin-top: 10px;\" src=\"https:\/\/firagran.com\/wp-content\/uploads\/objectius_firagran_ods_5.jpg\" alt=\"\" width=\"120\" height=\"120\" srcset=\"https:\/\/firagran.com\/wp-content\/uploads\/objectius_firagran_ods_5-66x66.jpg 66w, https:\/\/firagran.com\/wp-content\/uploads\/objectius_firagran_ods_5-150x150.jpg 150w, https:\/\/firagran.com\/wp-content\/uploads\/objectius_firagran_ods_5-200x200.jpg 200w, https:\/\/firagran.com\/wp-content\/uploads\/objectius_firagran_ods_5.jpg 245w\" sizes=\"(max-width: 120px) 100vw, 120px\" \/><img decoding=\"async\" class=\"wp-image-14375 alignleft\" style=\"margin-top: 10px;\" src=\"https:\/\/firagran.com\/wp-content\/uploads\/objectius_firagran_ods_10.jpg\" alt=\"\" width=\"120\" height=\"120\" srcset=\"https:\/\/firagran.com\/wp-content\/uploads\/objectius_firagran_ods_10-66x66.jpg 66w, https:\/\/firagran.com\/wp-content\/uploads\/objectius_firagran_ods_10-150x150.jpg 150w, https:\/\/firagran.com\/wp-content\/uploads\/objectius_firagran_ods_10-200x200.jpg 200w, https:\/\/firagran.com\/wp-content\/uploads\/objectius_firagran_ods_10.jpg 245w\" sizes=\"(max-width: 120px) 100vw, 120px\" \/><img decoding=\"async\" class=\"wp-image-14377 alignleft\" style=\"margin-top: 10px;\" src=\"https:\/\/firagran.com\/wp-content\/uploads\/objectius_firagran_ods_11.jpg\" alt=\"\" width=\"120\" height=\"120\" srcset=\"https:\/\/firagran.com\/wp-content\/uploads\/objectius_firagran_ods_11-66x66.jpg 66w, https:\/\/firagran.com\/wp-content\/uploads\/objectius_firagran_ods_11-150x150.jpg 150w, https:\/\/firagran.com\/wp-content\/uploads\/objectius_firagran_ods_11-200x200.jpg 200w, https:\/\/firagran.com\/wp-content\/uploads\/objectius_firagran_ods_11.jpg 245w\" sizes=\"(max-width: 120px) 100vw, 120px\" \/><img decoding=\"async\" class=\"wp-image-14379 alignleft\" style=\"margin-top: 10px;\" src=\"https:\/\/firagran.com\/wp-content\/uploads\/objectius_firagran_ods_12.jpg\" alt=\"\" width=\"120\" height=\"120\" srcset=\"https:\/\/firagran.com\/wp-content\/uploads\/objectius_firagran_ods_12-66x66.jpg 66w, https:\/\/firagran.com\/wp-content\/uploads\/objectius_firagran_ods_12-150x150.jpg 150w, https:\/\/firagran.com\/wp-content\/uploads\/objectius_firagran_ods_12-200x200.jpg 200w, https:\/\/firagran.com\/wp-content\/uploads\/objectius_firagran_ods_12.jpg 245w\" sizes=\"(max-width: 120px) 100vw, 120px\" \/><img decoding=\"async\" class=\"wp-image-14381 alignleft\" style=\"margin-top: 10px;\" src=\"https:\/\/firagran.com\/wp-content\/uploads\/objectius_firagran_ods_16.jpg\" alt=\"\" width=\"120\" height=\"120\" srcset=\"https:\/\/firagran.com\/wp-content\/uploads\/objectius_firagran_ods_16-66x66.jpg 66w, https:\/\/firagran.com\/wp-content\/uploads\/objectius_firagran_ods_16-150x150.jpg 150w, https:\/\/firagran.com\/wp-content\/uploads\/objectius_firagran_ods_16-200x200.jpg 200w, https:\/\/firagran.com\/wp-content\/uploads\/objectius_firagran_ods_16.jpg 245w\" sizes=\"(max-width: 120px) 100vw, 120px\" \/><img decoding=\"async\" class=\"wp-image-14383 alignleft\" style=\"margin-top: 10px;\" src=\"https:\/\/firagran.com\/wp-content\/uploads\/objectius_firagran_ods_17.jpg\" alt=\"\" width=\"120\" height=\"120\" srcset=\"https:\/\/firagran.com\/wp-content\/uploads\/objectius_firagran_ods_17-66x66.jpg 66w, https:\/\/firagran.com\/wp-content\/uploads\/objectius_firagran_ods_17-150x150.jpg 150w, https:\/\/firagran.com\/wp-content\/uploads\/objectius_firagran_ods_17-200x200.jpg 200w, https:\/\/firagran.com\/wp-content\/uploads\/objectius_firagran_ods_17.jpg 245w\" sizes=\"(max-width: 120px) 100vw, 120px\" \/><\/p>\n<\/div><div class=\"fusion-clearfix\"><\/div><\/div><\/div><\/div><\/div><div class=\"fusion-fullwidth fullwidth-box fusion-builder-row-4 nonhundred-percent-fullwidth non-hundred-percent-height-scrolling\" style=\"--awb-border-radius-top-left:0px;--awb-border-radius-top-right:0px;--awb-border-radius-bottom-right:0px;--awb-border-radius-bottom-left:0px;--awb-margin-top:25px;--awb-flex-wrap:wrap;\" ><div class=\"fusion-builder-row fusion-row\"><div class=\"fusion-layout-column fusion_builder_column fusion-builder-column-5 fusion_builder_column_1_1 1_1 fusion-one-full fusion-column-first fusion-column-last\" style=\"--awb-bg-size:cover;\"><div class=\"fusion-column-wrapper fusion-flex-column-wrapper-legacy\"><div class=\"fusion-text fusion-text-9\"><h5><strong>Los Patrones de la Fundaci\u00f3n FiraGran son:<\/strong><\/h5>\n<\/div><div class=\"fusion-clearfix\"><\/div><\/div><\/div><div class=\"fusion-layout-column fusion_builder_column fusion-builder-column-6 fusion_builder_column_1_4 1_4 fusion-one-fourth fusion-column-first\" style=\"--awb-bg-size:cover;width:25%;width:calc(25% - ( ( 4% + 4% ) * 0.25 ) );margin-right: 4%;\"><div class=\"fusion-column-wrapper fusion-flex-column-wrapper-legacy\"><div class=\"fusion-text fusion-text-10\"><ul>\n<li>Juli\u00a0Sim\u00f3n <em>(Presidente)<\/em><\/li>\n<li>Josep Paris <em>(Vicepresidente)<\/em><\/li>\n<li>\u00c1ngel\u00a0Rodr\u00edguez <em>(Secretario)<\/em><\/li>\n<li>Ferran Sim\u00f3n<em> (Director)<\/em><\/li>\n<li>Marc Trepat<\/li>\n<li>Josep de Mart\u00ed<\/li>\n<\/ul>\n<\/div><div class=\"fusion-clearfix\"><\/div><\/div><\/div><div class=\"fusion-layout-column fusion_builder_column fusion-builder-column-7 fusion_builder_column_1_4 1_4 fusion-one-fourth\" style=\"--awb-bg-size:cover;width:25%;width:calc(25% - ( ( 4% + 4% ) * 0.25 ) );margin-right: 4%;\"><div class=\"fusion-column-wrapper fusion-flex-column-wrapper-legacy\"><div class=\"fusion-text fusion-text-11\"><ul>\n<li>Jes\u00fas\u00a0Fortu\u00f1o<\/li>\n<li>Susana\u00a0Vendrell<\/li>\n<li>Inma\u00a0Fern\u00e1ndez<\/li>\n<li>Francesc\u00a0Garsaball<\/li>\n<li>Claudia\u00a0Sim\u00f3n<\/li>\n<li>Edu Morillo<\/li>\n<\/ul>\n<\/div><div class=\"fusion-clearfix\"><\/div><\/div><\/div><div class=\"fusion-layout-column fusion_builder_column fusion-builder-column-8 fusion_builder_column_1_2 1_2 fusion-one-half fusion-column-last\" style=\"--awb-bg-size:cover;width:50%;width:calc(50% - ( ( 4% + 4% ) * 0.5 ) );\"><div class=\"fusion-column-wrapper fusion-flex-column-wrapper-legacy\"><div class=\"fusion-text fusion-text-12\"><p><a href=\"https:\/\/firagran.com\/wp-content\/uploads\/patrons_fundacio_firagran.jpg\" target=\"_blank\" rel=\"noopener\"><img decoding=\"async\" class=\"aligncenter wp-image-4574 size-full\" src=\"https:\/\/firagran.com\/wp-content\/uploads\/patrons_fundacio_firagran.jpg\" alt=\"\" width=\"854\" height=\"650\" srcset=\"https:\/\/firagran.com\/wp-content\/uploads\/patrons_fundacio_firagran-200x152.jpg 200w, https:\/\/firagran.com\/wp-content\/uploads\/patrons_fundacio_firagran-300x228.jpg 300w, https:\/\/firagran.com\/wp-content\/uploads\/patrons_fundacio_firagran-400x304.jpg 400w, https:\/\/firagran.com\/wp-content\/uploads\/patrons_fundacio_firagran-600x457.jpg 600w, https:\/\/firagran.com\/wp-content\/uploads\/patrons_fundacio_firagran-768x585.jpg 768w, https:\/\/firagran.com\/wp-content\/uploads\/patrons_fundacio_firagran-800x609.jpg 800w, https:\/\/firagran.com\/wp-content\/uploads\/patrons_fundacio_firagran.jpg 854w\" sizes=\"(max-width: 854px) 100vw, 854px\" \/><\/a><\/p>\n<\/div><div class=\"fusion-clearfix\"><\/div><\/div><\/div><\/div><\/div><\/p>\n","protected":false},"excerpt":{"rendered":"","protected":false},"author":1,"featured_media":0,"parent":0,"menu_order":0,"comment_status":"closed","ping_status":"closed","template":"","meta":{"footnotes":""},"class_list":["post-4560","page","type-page","status-publish","hentry"],"_links":{"self":[{"href":"https:\/\/firagran.com\/es\/wp-json\/wp\/v2\/pages\/4560","targetHints":{"allow":["GET"]}}],"collection":[{"href":"https:\/\/firagran.com\/es\/wp-json\/wp\/v2\/pages"}],"about":[{"href":"https:\/\/firagran.com\/es\/wp-json\/wp\/v2\/types\/page"}],"author":[{"embeddable":true,"href":"https:\/\/firagran.com\/es\/wp-json\/wp\/v2\/users\/1"}],"replies":[{"embeddable":true,"href":"https:\/\/firagran.com\/es\/wp-json\/wp\/v2\/comments?post=4560"}],"version-history":[{"count":5,"href":"https:\/\/firagran.com\/es\/wp-json\/wp\/v2\/pages\/4560\/revisions"}],"predecessor-version":[{"id":14425,"href":"https:\/\/firagran.com\/es\/wp-json\/wp\/v2\/pages\/4560\/revisions\/14425"}],"wp:attachment":[{"href":"https:\/\/firagran.com\/es\/wp-json\/wp\/v2\/media?parent=4560"}],"curies":[{"name":"wp","href":"https:\/\/api.w.org\/{rel}","templated":true}]}}